{"id":6,"date":"2022-02-23T18:10:46","date_gmt":"2022-02-23T18:10:46","guid":{"rendered":"https:\/\/sauerlandferienlager-beckum.de\/?page_id=6"},"modified":"2025-11-13T11:22:31","modified_gmt":"2025-11-13T10:22:31","slug":"sauerland-ferienlager","status":"publish","type":"page","link":"https:\/\/sauerlandferienlager-beckum.de\/?page_id=6","title":{"rendered":"Termine &amp; Wichtiges"},"content":{"rendered":"<h2>Oedingen<br>25.07.2026 &#8211; 08.08.2026<\/h2>\t\t\t\t\n\t\t<p style=\"font-style: normal; font-weight: 600;\">Wir stehen in den Startl\u00f6chern f\u00fcr 2026!<\/p>\n<p>\u00a0<\/p>\n<p><!-- \/wp:post-content --><\/p>\n<p><!-- wp:paragraph --><\/p>\n<p><strong>\u00a0<\/strong><\/p>\n<p><strong>Die f\u00fcr die Anmeldung ben\u00f6tigten Formulare gibt es\u00a0<\/strong><strong style=\"font-family: var( --e-global-typography-text-font-family ), Sans-serif; font-size: var(--global--font-size-base);\"><a href=\"http:\/\/sauerlandferienlager-beckum.de\/?page_id=14\">HIER<\/a>. Alternativ k\u00f6nnen die Formulare am Tag der Anmeldung im Pfarrb\u00fcro ausgef\u00fcllt werden. Oder bei noch \u00fcbrigen Pl\u00e4tzen im Pfarrb\u00fcro abgeholt werden.<\/strong><\/p>\n<p><!-- \/wp:paragraph --><\/p>\n<p><!-- wp:paragraph --><\/p>\n<p><strong><br \/>Die ausgef\u00fcllten Dokumente k\u00f6nnen auch sp\u00e4ter in einem an das &#8222;Sauerland Ferienlager&#8220; beschrifteten Umschlag im Pfarrb\u00fcro der St. Stephanus Gemeinde Beckum (Clemens-August-Stra\u00dfe 25, 59269 Beckum) eingeworfen oder eingescannt und per Email an uns versandt werden.<\/strong><\/p>\n<p>\u00a0<\/p>\n<p><em>Achtet darauf, dass ihr am Termin der Anmeldung zwischen 9 und 14 Jahre alt seid.\u00a0<\/em><\/p>\n<p>\u00a0<\/p>\n<p><!-- \/wp:paragraph --><\/p>\n<p><!-- wp:paragraph --><\/p>\n<p>Bei Fragen dazu wendet Euch gerne per Email an<strong><br \/>lagerleiter.sauerland@web.de\u00a0<\/strong><\/p>\n<p><strong>\u00a0<\/strong><\/p>\n<p><!-- \/wp:paragraph --><\/p><p>Anmeldung: 10.01.2026<\/p>\n<p>von 15 Uhr &#8211; 16 Uhr<\/p>\n<p>\u00a0<\/p>\n<p>im Pfarrheim der St. Stephanus Gemeinde in Beckum<\/p>\t\t\n\t\t\t\t\t\t\t\t\t\t\t\t\t\t\t<img decoding=\"async\" src=\"http:\/\/sauerlandferienlager-beckum.de\/wp-content\/uploads\/2024\/10\/IMG_9455-scaled-e1730139503637.jpeg\" title=\"IMG_9455\" alt=\"IMG_9455\" loading=\"lazy\" \/>\t\t\t\t\t\t\t\t\t\t\t\t\t\t\t\n\t\t\t\t\t<h2>Wir freuen uns auf Euch!<\/h2>","protected":false},"excerpt":{"rendered":"<p>Oedingen25.07.2026 &#8211; 08.08.2026 Wir stehen in den Startl\u00f6chern f\u00fcr 2026! \u00a0 \u00a0 Die f\u00fcr die Anmeldung ben\u00f6tigten Formulare gibt es\u00a0HIER. Alternativ k\u00f6nnen die Formulare am Tag der Anmeldung im Pfarrb\u00fcro ausgef\u00fcllt werden. Oder bei noch \u00fcbrigen Pl\u00e4tzen im Pfarrb\u00fcro abgeholt werden. Die ausgef\u00fcllten Dokumente k\u00f6nnen auch sp\u00e4ter in einem an das &#8222;Sauerland Ferienlager&#8220; beschrifteten Umschlag&hellip; <a class=\"more-link\" href=\"https:\/\/sauerlandferienlager-beckum.de\/?page_id=6\"><span class=\"screen-reader-text\">Termine &amp; Wichtiges<\/span> weiterlesen<\/a><\/p>\n","protected":false},"author":2,"featured_media":0,"parent":0,"menu_order":0,"comment_status":"closed","ping_status":"closed","template":"","meta":{"footnotes":""},"class_list":["post-6","page","type-page","status-publish","hentry","entry"],"_links":{"self":[{"href":"https:\/\/sauerlandferienlager-beckum.de\/index.php?rest_route=\/wp\/v2\/pages\/6","targetHints":{"allow":["GET"]}}],"collection":[{"href":"https:\/\/sauerlandferienlager-beckum.de\/index.php?rest_route=\/wp\/v2\/pages"}],"about":[{"href":"https:\/\/sauerlandferienlager-beckum.de\/index.php?rest_route=\/wp\/v2\/types\/page"}],"author":[{"embeddable":true,"href":"https:\/\/sauerlandferienlager-beckum.de\/index.php?rest_route=\/wp\/v2\/users\/2"}],"replies":[{"embeddable":true,"href":"https:\/\/sauerlandferienlager-beckum.de\/index.php?rest_route=%2Fwp%2Fv2%2Fcomments&post=6"}],"version-history":[{"count":33,"href":"https:\/\/sauerlandferienlager-beckum.de\/index.php?rest_route=\/wp\/v2\/pages\/6\/revisions"}],"predecessor-version":[{"id":335,"href":"https:\/\/sauerlandferienlager-beckum.de\/index.php?rest_route=\/wp\/v2\/pages\/6\/revisions\/335"}],"wp:attachment":[{"href":"https:\/\/sauerlandferienlager-beckum.de\/index.php?rest_route=%2Fwp%2Fv2%2Fmedia&parent=6"}],"curies":[{"name":"wp","href":"https:\/\/api.w.org\/{rel}","templated":true}]}}